{"id":881,"date":"2019-02-12T15:26:52","date_gmt":"2019-02-12T14:26:52","guid":{"rendered":"http:\/\/vailly74.fr\/?page_id=881"},"modified":"2025-03-10T11:30:54","modified_gmt":"2025-03-10T10:30:54","slug":"auberge-communale-le-billat","status":"publish","type":"page","link":"https:\/\/vailly74.fr\/index.php\/notre-commune\/commercants\/auberge-communale-le-billat\/","title":{"rendered":"Auberge communale Le Billat"},"content":{"rendered":"<p style=\"text-align: center;\"><span style=\"color: #000000;\"><strong><em>Auberge communale \u00ab Le Billiat \u00bb<\/em><\/strong><\/span><\/p>\n<p style=\"text-align: center;\">162 route du Brevon &#8211; 74470 VAILLY<br \/>T\u00e9l : <u><a href=\"https:\/\/www.google.com\/search?q=billat+vailly+numero+telephoe&amp;sca_esv=540846efa2b16f65&amp;rlz=1C1CHBD_frFR860FR860&amp;sxsrf=AHTn8zrvrS9gn8KPZ1fA1_3w6NEodumFag%3A1741366177700&amp;ei=oSPLZ_2wKsStkdUP4uDdwAY&amp;ved=0ahUKEwi9hcjDtviLAxXEVqQEHWJwF2gQ4dUDCBA&amp;uact=5&amp;oq=billat+vailly+numero+telephoe&amp;gs_lp=Egxnd3Mtd2l6LXNlcnAiHWJpbGxhdCB2YWlsbHkgbnVtZXJvIHRlbGVwaG9lMgcQIRigARgKSPIjULIHWJ0icAF4AJABAJgBiAGgAZoLqgEEMTUuMrgBA8gBAPgBAZgCEKAC0ArCAgoQABiwAxjWBBhHwgICECbCAgYQABgWGB7CAggQABiABBiiBMICBRAhGKABwgIEECEYFZgDAIgGAZAGA5IHBDE0LjKgB9Qs&amp;sclient=gws-wiz-serp\">04 50 81 24 95<\/a><\/u><\/p>\n<blockquote>\n<p style=\"text-align: center;\">Le Billiat, une institution r\u00e9invent\u00e9e avec modernit\u00e9<br class=\"html-br\" \/><br class=\"html-br\" \/>Le Billiat caf\u00e9 de village ou l\u2019on se retrouve pour savourer des moments en toute simplicit\u00e9. Une cuisine maison comme point de rencontre pour s\u2019attabler et partager un moment de convivialit\u00e9.<\/p>\n<p><span class=\"w8qArf FoJoyf\"><a class=\"fl\" href=\"https:\/\/www.google.com\/search?sca_esv=cad4d383f6dfd877&amp;rlz=1C1UEAD_frFR1076FR1076&amp;sxsrf=AHTn8zokYxqLrtodDLhnUAT7bUsEACJVnA:1741246275382&amp;q=le+billiat+vailly+horaires&amp;ludocid=10415188883404626655&amp;sa=X&amp;ved=2ahUKEwiut9ft9_SLAxUBUaQEHdKQKt4Q6BN6BAgvEAI\" data-ved=\"2ahUKEwiut9ft9_SLAxUBUaQEHdKQKt4Q6BN6BAgvEAI\">Horaires<\/a> :\u00a0<\/span><\/p>\n<div class=\"t-oh\">\n<div class=\"a-h\" data-ved=\"2ahUKEwiut9ft9_SLAxUBUaQEHdKQKt4Q5nF6BAgvEAQ\">\n<div class=\"b2JWxc\" tabindex=\"0\" role=\"button\" aria-expanded=\"true\">\n<div id=\"_Q0_JZ-6JF4GikdUP0qGq8Q0_91\">\n<table class=\"WgFkxc\">\n<tbody>\n<tr class=\"K7Ltle\">\n<td class=\"SKNSIb\">jeudi<\/td>\n<td>12:00\u201314:00<\/td>\n<\/tr>\n<tr>\n<td class=\"SKNSIb\">vendredi<\/td>\n<td>12:00\u201314:00, 19:00\u201321:00<\/td>\n<\/tr>\n<tr>\n<td class=\"SKNSIb\">samedi<\/td>\n<td>12:00\u201314:00, 19:00\u201321:00<\/td>\n<\/tr>\n<tr>\n<td class=\"SKNSIb\">dimanche<\/td>\n<td>12:00\u201314:00<\/td>\n<\/tr>\n<tr>\n<td class=\"SKNSIb\">lundi<\/td>\n<td>12:00\u201314:00<\/td>\n<\/tr>\n<tr>\n<td class=\"SKNSIb\">mardi<\/td>\n<td>Ferm\u00e9<\/td>\n<\/tr>\n<tr>\n<td class=\"SKNSIb\">mercredi<\/td>\n<td>Ferm\u00e9<\/td>\n<\/tr>\n<\/tbody>\n<\/table>\n<p><img loading=\"lazy\" decoding=\"async\" class=\"size-full wp-image-5406 aligncenter\" src=\"http:\/\/vailly74.fr\/wp-content\/uploads\/2025\/02\/Billiat-2.jpg\" alt=\"\" width=\"1078\" height=\"1347\" srcset=\"https:\/\/vailly74.fr\/wp-content\/uploads\/2025\/02\/Billiat-2.jpg 1078w, https:\/\/vailly74.fr\/wp-content\/uploads\/2025\/02\/Billiat-2-240x300.jpg 240w, https:\/\/vailly74.fr\/wp-content\/uploads\/2025\/02\/Billiat-2-820x1024.jpg 820w, https:\/\/vailly74.fr\/wp-content\/uploads\/2025\/02\/Billiat-2-768x960.jpg 768w\" sizes=\"auto, (max-width: 1078px) 100vw, 1078px\" \/><\/p>\n<\/div>\n<\/div>\n<\/div>\n<\/div>\n<\/blockquote>\n\n\n<div data-wp-interactive=\"core\/file\" class=\"wp-block-file\"><object data-wp-bind--hidden=\"!state.hasPdfPreview\" hidden class=\"wp-block-file__embed\" data=\"http:\/\/vailly74.fr\/wp-content\/uploads\/2024\/08\/Appel-a-projet-Auberge-communale-Le-Billiat-VF-1.pdf\" type=\"application\/pdf\" style=\"width:100%;height:600px\" aria-label=\"Contenu embarqu\u00e9 Embed of Appel-a-projet-Auberge-communale-Le-Billat-VF-1..\"><\/object><a id=\"wp-block-file--media-eb8dc0e8-01c0-42f8-b679-5251547eef37\" href=\"http:\/\/vailly74.fr\/wp-content\/uploads\/2024\/08\/Appel-a-projet-Auberge-communale-Le-Billiat-VF-1.pdf\">Appel-a-projet-Auberge-communale-Le-Billat-VF-1<\/a><a href=\"http:\/\/vailly74.fr\/wp-content\/uploads\/2024\/08\/Appel-a-projet-Auberge-communale-Le-Billiat-VF-1.pdf\" class=\"wp-block-file__button\" download aria-describedby=\"wp-block-file--media-eb8dc0e8-01c0-42f8-b679-5251547eef37\">T\u00e9l\u00e9charger<\/a><\/div>\n","protected":false},"excerpt":{"rendered":"<p>Auberge communale \u00ab Le Billiat \u00bb 162 route du Brevon &#8211; 74470 VAILLYT\u00e9l : 04 50 81 24 95 Le Billiat, une institution r\u00e9invent\u00e9e avec modernit\u00e9Le Billiat caf\u00e9 de village ou l\u2019on se retrouve pour savourer des moments en toute<\/p>\n","protected":false},"author":1,"featured_media":0,"parent":732,"menu_order":2,"comment_status":"closed","ping_status":"closed","template":"","meta":{"_mi_skip_tracking":false,"footnotes":""},"class_list":["post-881","page","type-page","status-publish","hentry"],"_links":{"self":[{"href":"https:\/\/vailly74.fr\/index.php\/wp-json\/wp\/v2\/pages\/881","targetHints":{"allow":["GET"]}}],"collection":[{"href":"https:\/\/vailly74.fr\/index.php\/wp-json\/wp\/v2\/pages"}],"about":[{"href":"https:\/\/vailly74.fr\/index.php\/wp-json\/wp\/v2\/types\/page"}],"author":[{"embeddable":true,"href":"https:\/\/vailly74.fr\/index.php\/wp-json\/wp\/v2\/users\/1"}],"replies":[{"embeddable":true,"href":"https:\/\/vailly74.fr\/index.php\/wp-json\/wp\/v2\/comments?post=881"}],"version-history":[{"count":10,"href":"https:\/\/vailly74.fr\/index.php\/wp-json\/wp\/v2\/pages\/881\/revisions"}],"predecessor-version":[{"id":5424,"href":"https:\/\/vailly74.fr\/index.php\/wp-json\/wp\/v2\/pages\/881\/revisions\/5424"}],"up":[{"embeddable":true,"href":"https:\/\/vailly74.fr\/index.php\/wp-json\/wp\/v2\/pages\/732"}],"wp:attachment":[{"href":"https:\/\/vailly74.fr\/index.php\/wp-json\/wp\/v2\/media?parent=881"}],"curies":[{"name":"wp","href":"https:\/\/api.w.org\/{rel}","templated":true}]}}