{"id":855,"date":"2019-02-12T14:49:55","date_gmt":"2019-02-12T13:49:55","guid":{"rendered":"http:\/\/vailly74.fr\/?page_id=855"},"modified":"2020-02-04T09:40:08","modified_gmt":"2020-02-04T08:40:08","slug":"auberge-le-moulin-de-lere","status":"publish","type":"page","link":"https:\/\/vailly74.fr\/index.php\/notre-commune\/commercants\/auberge-le-moulin-de-lere\/","title":{"rendered":"Auberge Le Moulin de L\u00e9r\u00e9 ***"},"content":{"rendered":"<p style=\"text-align: center;\"><img loading=\"lazy\" decoding=\"async\" class=\"wp-image-856 aligncenter\" src=\"http:\/\/vailly74.fr\/wp-content\/uploads\/2019\/02\/New-header-logo-19-300x172.png\" alt=\"\" width=\"344\" height=\"197\" srcset=\"https:\/\/vailly74.fr\/wp-content\/uploads\/2019\/02\/New-header-logo-19-300x172.png 300w, https:\/\/vailly74.fr\/wp-content\/uploads\/2019\/02\/New-header-logo-19.png 391w\" sizes=\"auto, (max-width: 344px) 100vw, 344px\" \/>Hotel &amp; Restaurant ***<br \/>\n<span style=\"color: #c21d1d;\"><strong><em>Fr\u00e9d\u00e9ric et Ir\u00e8ne MOLINA<\/em><\/strong><\/span><br \/>\n268 route de L\u00e9r\u00e9 &#8211; Sous-la-C\u00f4te &#8211; 74470 VAILLY<br \/>\nT\u00e9l : 04.50.71.61.83<br \/>\n<a href=\"mailto:contact@moulindelere.com\">contact@moulindelere.com<\/a><br \/>\n<a href=\"http:\/\/www.moulindelere.com\">www.moulindelere.com &#8211;\u00a0<\/a><a href=\"https:\/\/www.facebook.com\/MoulinDeLere\/\">Page Facebook\u00a0<\/a><\/p>\n<p>&nbsp;<\/p>\n<p style=\"text-align: center;\"><span style=\"color: #386eab;\"><strong>Horaires du restaurant :<\/strong><\/span><br \/>\nLundi-Mardi : ferm\u00e9.<br \/>\nMidi : du Vendredi au Dimanche.<br \/>\nSoir : du Mercredi au Samedi.\u00a0 Dimanche soir de Juillet \u00e0 Septembre<\/p>\n<p>&nbsp;<\/p>\n<p style=\"text-align: center;\"><span style=\"color: #386eab;\"><strong>Horaires de l&rsquo;H\u00f4tel :\u00a0<\/strong><\/span>Ouvert tous les jours.<\/p>\n<p><img loading=\"lazy\" decoding=\"async\" class=\" wp-image-860 aligncenter\" src=\"http:\/\/vailly74.fr\/wp-content\/uploads\/2019\/02\/1796973_582122901879805_1070025683_o-300x200.jpg\" alt=\"\" width=\"508\" height=\"338\" srcset=\"https:\/\/vailly74.fr\/wp-content\/uploads\/2019\/02\/1796973_582122901879805_1070025683_o-300x200.jpg 300w, https:\/\/vailly74.fr\/wp-content\/uploads\/2019\/02\/1796973_582122901879805_1070025683_o.jpg 450w\" sizes=\"auto, (max-width: 508px) 100vw, 508px\" \/><\/p>\n<p>&nbsp;<\/p>\n","protected":false},"excerpt":{"rendered":"<p>Hotel &amp; Restaurant *** Fr\u00e9d\u00e9ric et Ir\u00e8ne MOLINA 268 route de L\u00e9r\u00e9 &#8211; Sous-la-C\u00f4te &#8211; 74470 VAILLY T\u00e9l : 04.50.71.61.83 contact@moulindelere.com www.moulindelere.com &#8211;\u00a0Page Facebook\u00a0 &nbsp; Horaires du restaurant : Lundi-Mardi : ferm\u00e9. Midi : du Vendredi au Dimanche. Soir :<\/p>\n","protected":false},"author":1,"featured_media":0,"parent":732,"menu_order":1,"comment_status":"closed","ping_status":"closed","template":"","meta":{"_mi_skip_tracking":false,"footnotes":""},"class_list":["post-855","page","type-page","status-publish","hentry"],"_links":{"self":[{"href":"https:\/\/vailly74.fr\/index.php\/wp-json\/wp\/v2\/pages\/855","targetHints":{"allow":["GET"]}}],"collection":[{"href":"https:\/\/vailly74.fr\/index.php\/wp-json\/wp\/v2\/pages"}],"about":[{"href":"https:\/\/vailly74.fr\/index.php\/wp-json\/wp\/v2\/types\/page"}],"author":[{"embeddable":true,"href":"https:\/\/vailly74.fr\/index.php\/wp-json\/wp\/v2\/users\/1"}],"replies":[{"embeddable":true,"href":"https:\/\/vailly74.fr\/index.php\/wp-json\/wp\/v2\/comments?post=855"}],"version-history":[{"count":6,"href":"https:\/\/vailly74.fr\/index.php\/wp-json\/wp\/v2\/pages\/855\/revisions"}],"predecessor-version":[{"id":2392,"href":"https:\/\/vailly74.fr\/index.php\/wp-json\/wp\/v2\/pages\/855\/revisions\/2392"}],"up":[{"embeddable":true,"href":"https:\/\/vailly74.fr\/index.php\/wp-json\/wp\/v2\/pages\/732"}],"wp:attachment":[{"href":"https:\/\/vailly74.fr\/index.php\/wp-json\/wp\/v2\/media?parent=855"}],"curies":[{"name":"wp","href":"https:\/\/api.w.org\/{rel}","templated":true}]}}