{"id":459,"date":"2018-11-15T20:38:00","date_gmt":"2018-11-15T19:38:00","guid":{"rendered":"http:\/\/vailly74.fr\/?page_id=459"},"modified":"2019-07-29T14:41:59","modified_gmt":"2019-07-29T12:41:59","slug":"ape-val-dhermone","status":"publish","type":"page","link":"https:\/\/vailly74.fr\/index.php\/associations\/ape-val-dhermone\/","title":{"rendered":"APE Val d&rsquo;Hermone"},"content":{"rendered":"<p><img loading=\"lazy\" decoding=\"async\" class=\"alignright wp-image-463 size-full\" src=\"http:\/\/vailly74.fr\/wp-content\/uploads\/2018\/11\/APE-Val-Hermone.jpg\" alt=\"\" width=\"165\" height=\"165\" srcset=\"https:\/\/vailly74.fr\/wp-content\/uploads\/2018\/11\/APE-Val-Hermone.jpg 165w, https:\/\/vailly74.fr\/wp-content\/uploads\/2018\/11\/APE-Val-Hermone-150x150.jpg 150w\" sizes=\"auto, (max-width: 165px) 100vw, 165px\" \/><span style=\"color: #e81764;\"><strong>Pr\u00e9sentation<\/strong><\/span><\/p>\n<p>Le bureau de l\u2019APE de l\u2019\u00e9cole maternelle\u00a0du Val d\u2019Hermone est compos\u00e9 de:<\/p>\n<ul>\n<li>Cl\u00e9mentine Fabbri, pr\u00e9sidente<\/li>\n<li>Dorine Fraiseau, vice pr\u00e9sidente<\/li>\n<li>Marjorie STEHLIN, secr\u00e9taire<\/li>\n<li>Sophie CHATELAIN, tr\u00e9sori\u00e8re<\/li>\n<\/ul>\n<p><span style=\"color: #e81764;\"><strong>Projets 2018\/2019 :<\/strong><\/span><\/p>\n<ul>\n<li>Une sortie \u00e0 Publier sur le th\u00e8me de la pomme et une au Hameau du P\u00e8re No\u00ebl pour la classe 1.<\/li>\n<li>Un spectacle de No\u00ebl pour toute l\u2019\u00e9cole.<\/li>\n<li>Des sorties \u2018ski de fond\u2019 pour les Grande Section.<\/li>\n<li>Un spectacle de fin d&rsquo;ann\u00e9e en juin\u2028.<\/li>\n<li>Diverses sorties \u00e0 voir au long de l\u2019ann\u00e9e.<\/li>\n<li>L&rsquo;acquisition d&rsquo;une structure de motricit\u00e9 pour l&rsquo;int\u00e9rieur et une autre pour l&rsquo;ext\u00e9rieur.<\/li>\n<li>Un spectacle musicale \u00ab\u00a0La maison du vieux L\u00e9on\u00a0\u00bb avec un partenariat entre l&rsquo;\u00e9cole de musique et toutes les \u00e9coles publiques de la vall\u00e9e du Brevon.<\/li>\n<\/ul>\n<p>Ces projets sont rendus possibles gr\u00e2ce aux diff\u00e9rentes actions men\u00e9es par l\u2019APE :<\/p>\n<ul>\n<li>Une vente de g\u00e2teaux lors de la foire de la Saint Michel.<\/li>\n<li>La tombola d\u2019Halloween et le go\u00fbter d\u2019Halloween.<\/li>\n<li>Le Loto des enfants.<\/li>\n<li>Les photos de classe.<\/li>\n<li>La vente des chocolats de No\u00ebl.<\/li>\n<li>La tombola de P\u00e2ques.<\/li>\n<li>L\u2019objet souvenir de fin d\u2019ann\u00e9e.<\/li>\n<li>Diverses ventes de g\u00e2teaux.<\/li>\n<li>Les Jeux Intervillages (Vailly, Lullin, Reyvroz).<\/li>\n<li>La kermesse du mois de juin<\/li>\n<\/ul>\n<p><strong><span style=\"color: #e81764;\">Contacts et liens<\/span><\/strong><\/p>\n<p>Page facebook :\u00a0<a href=\"https:\/\/www.facebook.com\/APE-du-Val-dHermone-Maternelle-1033115073389081\/?rc=p\" target=\"_blank\" rel=\"noopener\">https:\/\/www.facebook.com\/APE-du-Val-dHermone-Maternelle-1033115073389081\/?rc=p<\/a><br \/>\nE-mail\u00a0:<a id=\"valdhermone.ape@gmail.com_body\" class=\"adr black-to-orange contextEntry\" href=\"https:\/\/webmail1h.orange.fr\/webmail\/fr_FR\/read.html?FOLDER=SF_INBOX&amp;IDMSG=83395&amp;check=&amp;SORTBY=1#\" target=\"_blank\" rel=\"noopener\">valdhermone.ape@gmail.com<\/a><\/p>\n","protected":false},"excerpt":{"rendered":"<p>Pr\u00e9sentation Le bureau de l\u2019APE de l\u2019\u00e9cole maternelle\u00a0du Val d\u2019Hermone est compos\u00e9 de: Cl\u00e9mentine Fabbri, pr\u00e9sidente Dorine Fraiseau, vice pr\u00e9sidente Marjorie STEHLIN, secr\u00e9taire Sophie CHATELAIN, tr\u00e9sori\u00e8re Projets 2018\/2019 : Une sortie \u00e0 Publier sur le th\u00e8me de la pomme et<\/p>\n","protected":false},"author":1,"featured_media":0,"parent":409,"menu_order":7,"comment_status":"closed","ping_status":"closed","template":"","meta":{"_mi_skip_tracking":false,"footnotes":""},"class_list":["post-459","page","type-page","status-publish","hentry"],"_links":{"self":[{"href":"https:\/\/vailly74.fr\/index.php\/wp-json\/wp\/v2\/pages\/459","targetHints":{"allow":["GET"]}}],"collection":[{"href":"https:\/\/vailly74.fr\/index.php\/wp-json\/wp\/v2\/pages"}],"about":[{"href":"https:\/\/vailly74.fr\/index.php\/wp-json\/wp\/v2\/types\/page"}],"author":[{"embeddable":true,"href":"https:\/\/vailly74.fr\/index.php\/wp-json\/wp\/v2\/users\/1"}],"replies":[{"embeddable":true,"href":"https:\/\/vailly74.fr\/index.php\/wp-json\/wp\/v2\/comments?post=459"}],"version-history":[{"count":10,"href":"https:\/\/vailly74.fr\/index.php\/wp-json\/wp\/v2\/pages\/459\/revisions"}],"predecessor-version":[{"id":796,"href":"https:\/\/vailly74.fr\/index.php\/wp-json\/wp\/v2\/pages\/459\/revisions\/796"}],"up":[{"embeddable":true,"href":"https:\/\/vailly74.fr\/index.php\/wp-json\/wp\/v2\/pages\/409"}],"wp:attachment":[{"href":"https:\/\/vailly74.fr\/index.php\/wp-json\/wp\/v2\/media?parent=459"}],"curies":[{"name":"wp","href":"https:\/\/api.w.org\/{rel}","templated":true}]}}